{"id":33,"date":"2020-03-20T13:46:35","date_gmt":"2020-03-20T12:46:35","guid":{"rendered":"http:\/\/cfb-neuropsychologue.fr\/?page_id=33"},"modified":"2026-01-21T13:51:11","modified_gmt":"2026-01-21T12:51:11","slug":"contact-et-tarifs","status":"publish","type":"page","link":"https:\/\/cfb-neuropsychologue.fr\/index.php\/contact-et-tarifs\/","title":{"rendered":"Contact et tarifs"},"content":{"rendered":"\n<div class=\"wp-block-group has-background\" style=\"background-color:#acd1ef\"><div class=\"wp-block-group__inner-container\">\n<p class=\"has-text-align-center\" style=\"font-size:14px\"><strong>Bilan psychom\u00e9trique et\/ou neuropsychologique<\/strong><\/p>\n<\/div><\/div>\n\n\n\n<div class=\"wp-block-group\"><div class=\"wp-block-group__inner-container\">\n<p style=\"font-size:12px\">&#8211; <strong><span style=\"text-decoration: underline;\">Premi\u00e8re consultation<\/span><\/strong>  <br>Cette premi\u00e8re rencontre permet d&rsquo;\u00e9changer, de mieux cerner et appr\u00e9hender votre demande, ainsi que de recueillir des informations autour de votre histoire. Vous pouvez \u00e9galement apporter les comptes-rendus de pr\u00e9c\u00e9dentes \u00e9valuations, ou tout autre document vous paraissant important.<br>\u25cc  <strong>Prix <\/strong>: 65 euros (dur\u00e9e de 45 min \u00e0 1h)<\/p>\n<\/div><\/div>\n\n\n\n<p style=\"font-size:12px\">&#8211; <span style=\"text-decoration: underline;\"><strong>Le bilan cognitif &#8211; neuropsychologique<\/strong><\/span><br>Suite \u00e0 cette premi\u00e8re consultation, le bilan neuropsychologique se poursuit avec :<br>     \u22ef <span style=\"text-decoration: underline;\">Des s\u00e9ances d&rsquo;\u00e9valuation<\/span><strong> <\/strong>(tests) (dur\u00e9e de 1h30 \u00e0 4h, sur 1 \u00e0 2 s\u00e9ances)<br>     \u22ef <span style=\"text-decoration: underline;\">Une consultation de restitution<\/span><strong> <\/strong>(dur\u00e9e de 45min \u00e0 1h sur 1 s\u00e9ance)<br>     \u22ef <span style=\"text-decoration: underline;\">Un compte-rendu \u00e9crit d\u00e9taill\u00e9<\/span> (r\u00e9sultats, observations cliniques, recommandations). <br><br>\u261b Bilan d&rsquo;efficience intellectuelle &#8211; de fonctionnement global (<em>WAIS-IV<\/em>) <br>\u261b Bilan d&rsquo;efficience intellectuelle (<em>WAIS-IV<\/em>) + bilan attentionnel et\/ou des fonctions ex\u00e9cutives et\/ou mn\u00e9siques, et\/ou de la cognition sociale (autres batteries de tests)<br>\u25cc <strong>Prix <\/strong>: De 285 \u00e0 490 euros<br><br><em>Il est possible d\u2019effectuer seul un bilan attentionnel, ex\u00e9cutif, et\/ou mn\u00e9sique, seulement si un bilan d&rsquo;efficience intellectuelle a \u00e9t\u00e9 r\u00e9alis\u00e9 dans les 2 ans pr\u00e9c\u00e9dent cette \u00e9valuation, dans le but d\u2019exclure des difficult\u00e9s li\u00e9es \u00e0 un profil cognitif sp\u00e9cifique.<\/em><br><\/p>\n\n\n\n<div class=\"wp-block-group has-background\" style=\"background-color:#acd1ef\"><div class=\"wp-block-group__inner-container\">\n<p class=\"has-text-align-center\" style=\"font-size:14px\"><strong>Suivis et accompagnements<\/strong><\/p>\n<\/div><\/div>\n\n\n\n<p style=\"font-size:12px\">&#8211; <strong><span style=\"text-decoration: underline;\">Consultation<\/span><\/strong><span style=\"text-decoration: underline;\"><strong> adulte<\/strong><\/span> (dont EMDR) <br>\u25cc <strong>Prix<\/strong> : 65 euros (dur\u00e9e 50 min \/ 1 heure)<br><\/p>\n\n\n\n<div class=\"wp-block-group has-background\" style=\"background-color:#acd1ef\"><div class=\"wp-block-group__inner-container\">\n<p class=\"has-text-align-center\" style=\"font-size:14px\"><strong>Contact<\/strong><\/p>\n<\/div><\/div>\n\n\n\n<p class=\"has-text-align-center has-very-dark-gray-color has-text-color\" style=\"font-size:12px\"> \u260e  Vous pouvez me joindre au <strong>07 69 39 81 88<\/strong>.<br><em>N\u2019h\u00e9sitez pas \u00e0 me laisser un message vocal ou un SMS avec vos coordonn\u00e9es, je ne manquerai pas de vous rappeler d\u00e8s que possible.<\/em><br><br>Le cabinet se situe au :<br><strong>6 all\u00e9e Ren\u00e9 Bazin<\/strong><br><strong>49100 ANGERS<\/strong><br><br><em>Ces consultations ne sont actuellement pas rembours\u00e9es par la s\u00e9curit\u00e9 sociale.<\/em><br><em>Certaines mutuelles peuvent en prendre en charge une partie.<\/em><br><em>Les paiements par ch\u00e8ques ou esp\u00e8ces sont accept\u00e9s, mais vous ne pouvez pas r\u00e9gler par carte bancaire.<\/em><br><\/p>\n","protected":false},"excerpt":{"rendered":"<p>&#8211; Le bilan cognitif &#8211; neuropsychologiqueSuite \u00e0 cette premi\u00e8re consultation, le bilan neuropsychologique se poursuit avec : \u22ef Des s\u00e9ances d&rsquo;\u00e9valuation (tests) (dur\u00e9e de 1h30 \u00e0 4h, sur 1 \u00e0 2 s\u00e9ances) \u22ef Une consultation de restitution (dur\u00e9e de 45min \u00e0 1h sur 1 s\u00e9ance) \u22ef Un compte-rendu \u00e9crit d\u00e9taill\u00e9 (r\u00e9sultats, observations cliniques, recommandations). \u261b &hellip; <\/p>\n","protected":false},"author":1,"featured_media":448,"parent":0,"menu_order":0,"comment_status":"closed","ping_status":"closed","template":"","meta":[],"yoast_head":"<!-- This site is optimized with the Yoast SEO plugin v14.8.1 - https:\/\/yoast.com\/wordpress\/plugins\/seo\/ -->\n<title>Contact et tarifs - Caroline Boissi\u00e8re \u2022 Psychologue Neuropsychologue<\/title>\n<meta name=\"description\" content=\"Caroline Boissi\u00e8re, Psychologue neuropsychologue \u00e0 Angers. Bilans neuropsychologiques - EMDR - Apprentissages - Haut Potentiel - Autisme\" \/>\n<meta name=\"robots\" content=\"index, follow\" \/>\n<meta name=\"googlebot\" content=\"index, follow, max-snippet:-1, max-image-preview:large, max-video-preview:-1\" \/>\n<meta name=\"bingbot\" content=\"index, follow, max-snippet:-1, max-image-preview:large, max-video-preview:-1\" \/>\n<link rel=\"canonical\" href=\"http:\/\/cfb-neuropsychologue.fr\/index.php\/contact-et-tarifs\/\" \/>\n<meta property=\"og:locale\" content=\"fr_FR\" \/>\n<meta property=\"og:type\" content=\"article\" \/>\n<meta property=\"og:title\" content=\"Contact et tarifs - Caroline Boissi\u00e8re \u2022 Psychologue Neuropsychologue\" \/>\n<meta property=\"og:description\" content=\"Caroline Boissi\u00e8re, Psychologue neuropsychologue \u00e0 Angers. Bilans neuropsychologiques - EMDR - Apprentissages - Haut Potentiel - Autisme\" \/>\n<meta property=\"og:url\" content=\"http:\/\/cfb-neuropsychologue.fr\/index.php\/contact-et-tarifs\/\" \/>\n<meta property=\"og:site_name\" content=\"Caroline Boissi\u00e8re \u2022 Psychologue Neuropsychologue\" \/>\n<meta property=\"article:modified_time\" content=\"2026-01-21T12:51:11+00:00\" \/>\n<meta property=\"og:image\" content=\"https:\/\/cfb-neuropsychologue.fr\/wp-content\/uploads\/2020\/12\/Whitagram-Image-1.jpg\" \/>\n\t<meta property=\"og:image:width\" content=\"640\" \/>\n\t<meta property=\"og:image:height\" content=\"416\" \/>\n<meta name=\"twitter:card\" content=\"summary_large_image\" \/>\n<script type=\"application\/ld+json\" class=\"yoast-schema-graph\">{\"@context\":\"https:\/\/schema.org\",\"@graph\":[{\"@type\":[\"Person\",\"Organization\"],\"@id\":\"https:\/\/cfb-neuropsychologue.fr\/#\/schema\/person\/bbca9f9e376f2cacc0a869e1eb27d296\",\"name\":\"Caroline Boissi\\u00e8re\",\"image\":{\"@type\":\"ImageObject\",\"@id\":\"https:\/\/cfb-neuropsychologue.fr\/#personlogo\",\"inLanguage\":\"fr-FR\",\"url\":\"https:\/\/secure.gravatar.com\/avatar\/1cd1c8de6b430fb9bd6ec3f4a4827438?s=96&d=mm&r=g\",\"caption\":\"Caroline Boissi\\u00e8re\"},\"logo\":{\"@id\":\"https:\/\/cfb-neuropsychologue.fr\/#personlogo\"}},{\"@type\":\"WebSite\",\"@id\":\"https:\/\/cfb-neuropsychologue.fr\/#website\",\"url\":\"https:\/\/cfb-neuropsychologue.fr\/\",\"name\":\"Caroline Boissi\\u00e8re \\u2022 Psychologue Neuropsychologue\",\"description\":\"Angers - centre ville\",\"publisher\":{\"@id\":\"https:\/\/cfb-neuropsychologue.fr\/#\/schema\/person\/bbca9f9e376f2cacc0a869e1eb27d296\"},\"potentialAction\":[{\"@type\":\"SearchAction\",\"target\":\"https:\/\/cfb-neuropsychologue.fr\/?s={search_term_string}\",\"query-input\":\"required name=search_term_string\"}],\"inLanguage\":\"fr-FR\"},{\"@type\":\"ImageObject\",\"@id\":\"http:\/\/cfb-neuropsychologue.fr\/index.php\/contact-et-tarifs\/#primaryimage\",\"inLanguage\":\"fr-FR\",\"url\":\"https:\/\/cfb-neuropsychologue.fr\/wp-content\/uploads\/2020\/12\/Whitagram-Image-1.jpg\",\"width\":640,\"height\":416},{\"@type\":\"WebPage\",\"@id\":\"http:\/\/cfb-neuropsychologue.fr\/index.php\/contact-et-tarifs\/#webpage\",\"url\":\"http:\/\/cfb-neuropsychologue.fr\/index.php\/contact-et-tarifs\/\",\"name\":\"Contact et tarifs - Caroline Boissi\\u00e8re \\u2022 Psychologue Neuropsychologue\",\"isPartOf\":{\"@id\":\"https:\/\/cfb-neuropsychologue.fr\/#website\"},\"primaryImageOfPage\":{\"@id\":\"http:\/\/cfb-neuropsychologue.fr\/index.php\/contact-et-tarifs\/#primaryimage\"},\"datePublished\":\"2020-03-20T12:46:35+00:00\",\"dateModified\":\"2026-01-21T12:51:11+00:00\",\"description\":\"Caroline Boissi\\u00e8re, Psychologue neuropsychologue \\u00e0 Angers. Bilans neuropsychologiques - EMDR - Apprentissages - Haut Potentiel - Autisme\",\"inLanguage\":\"fr-FR\",\"potentialAction\":[{\"@type\":\"ReadAction\",\"target\":[\"http:\/\/cfb-neuropsychologue.fr\/index.php\/contact-et-tarifs\/\"]}]}]}<\/script>\n<!-- \/ Yoast SEO plugin. -->","_links":{"self":[{"href":"https:\/\/cfb-neuropsychologue.fr\/index.php\/wp-json\/wp\/v2\/pages\/33"}],"collection":[{"href":"https:\/\/cfb-neuropsychologue.fr\/index.php\/wp-json\/wp\/v2\/pages"}],"about":[{"href":"https:\/\/cfb-neuropsychologue.fr\/index.php\/wp-json\/wp\/v2\/types\/page"}],"author":[{"embeddable":true,"href":"https:\/\/cfb-neuropsychologue.fr\/index.php\/wp-json\/wp\/v2\/users\/1"}],"replies":[{"embeddable":true,"href":"https:\/\/cfb-neuropsychologue.fr\/index.php\/wp-json\/wp\/v2\/comments?post=33"}],"version-history":[{"count":122,"href":"https:\/\/cfb-neuropsychologue.fr\/index.php\/wp-json\/wp\/v2\/pages\/33\/revisions"}],"predecessor-version":[{"id":516,"href":"https:\/\/cfb-neuropsychologue.fr\/index.php\/wp-json\/wp\/v2\/pages\/33\/revisions\/516"}],"wp:featuredmedia":[{"embeddable":true,"href":"https:\/\/cfb-neuropsychologue.fr\/index.php\/wp-json\/wp\/v2\/media\/448"}],"wp:attachment":[{"href":"https:\/\/cfb-neuropsychologue.fr\/index.php\/wp-json\/wp\/v2\/media?parent=33"}],"curies":[{"name":"wp","href":"https:\/\/api.w.org\/{rel}","templated":true}]}}